{"id":1410,"date":"2026-03-30T16:43:21","date_gmt":"2026-03-30T16:43:21","guid":{"rendered":"https:\/\/cms.waaier-saks.nl\/uzmanlik-merkezi\/"},"modified":"2026-04-10T07:02:15","modified_gmt":"2026-04-10T07:02:15","slug":"uzmanlik-merkezi","status":"publish","type":"page","link":"https:\/\/cms.waaier-saks.nl\/tr\/uzmanlik-merkezi\/","title":{"rendered":"Uzmanl\u0131k Merkezi"},"content":{"rendered":"\n<p>Ge\u00e7ti\u011fimiz y\u0131llarda de Waaier, Alkmaar ve \u00e7evresinde yeni gelenlerin e\u011fitimi konusunda bir uzmanl\u0131k merkezine d\u00f6n\u00fc\u015ft\u00fc. Uzmanl\u0131k merkezimiz arac\u0131l\u0131\u011f\u0131yla bilgilerimizi, yeni gelenlerin e\u011fitimi hakk\u0131nda daha fazla bilgi edinmek isteyen okullarla payla\u015f\u0131yoruz. Farkl\u0131 konularda fikir al\u0131\u015fveri\u015finde bulunmaktan mutluluk duyar\u0131z:  <\/p>\n\n<p><strong>Travmaya duyarl\u0131 e\u011fitim<\/strong><br\/>de Waaier&#8217;de travmaya duyarl\u0131 e\u011fitim, \u00e7al\u0131\u015fanlar\u0131m\u0131z\u0131n sars\u0131c\u0131 olaylar\u0131n yeni gelenlerin \u00f6\u011frenimi ve davran\u0131\u015f\u0131 \u00fczerindeki etkisini bilin\u00e7li bir \u015fekilde dikkate almas\u0131 anlam\u0131na gelir. Dil s\u0131n\u0131f\u0131ndaki \u00e7ocuklar\u0131n genellikle m\u00fclteci ge\u00e7mi\u015fine sahip olmas\u0131 veya g\u00f6\u00e7le ilgili di\u011fer stresleri ya\u015famas\u0131 nedeniyle, bu yakla\u015f\u0131m g\u00fcvenli bir \u00f6\u011frenme ortam\u0131 olu\u015fturmak i\u00e7in temeldir. T\u00fcm \u00e7al\u0131\u015fanlar\u0131m\u0131z travmaya duyarl\u0131 yakla\u015f\u0131m konusunda e\u011fitim alm\u0131\u015ft\u0131r.  <\/p>\n\n<p><strong>S\u0131n\u0131f\u0131nda yeni bir \u00f6\u011frenci<\/strong><br\/>Dil s\u0131n\u0131f\u0131nda ge\u00e7en bir y\u0131l\u0131n ard\u0131ndan b\u00fcy\u00fck g\u00fcn geldi: Sizin okulunuza ge\u00e7i\u015f! Heyecan verici bir an, \u00e7\u00fcnk\u00fc Hollandaca dilinin temelleri at\u0131lm\u0131\u015f olsa da &#8220;ger\u00e7ek&#8221; macera as\u0131l \u015fimdi ba\u015fl\u0131yor. Yeni gelen \u00f6\u011frenci, kendi \u00e7evresinde, evinin yak\u0131n\u0131nda bir ba\u015flang\u0131\u00e7 yapabilir.  <\/p>\n\n<p>Kabul eden okul olarak bu ikinci a\u015famada \u00f6nemli bir rol oynuyorsunuz. Travmaya duyarl\u0131 \u00e7al\u0131\u015fma sadece dil s\u0131n\u0131f\u0131yla s\u0131n\u0131rl\u0131 kalmaz; yeni gelen bir \u00f6\u011frencinin bir sonraki ad\u0131m\u0131 atmaya cesaret edebilmesi i\u00e7in sizin yan\u0131n\u0131zda da zamana, yak\u0131nl\u0131\u011fa ve \u00f6ng\u00f6r\u00fclebilirli\u011fe ihtiyac\u0131 vard\u0131r. \u00c7ocu\u011fun sadece dilde de\u011fil, kalben ve davran\u0131\u015flar\u0131nda da anla\u015f\u0131ld\u0131\u011f\u0131n\u0131 hissetmesi i\u00e7in birlikte s\u0131cak bir ge\u00e7i\u015f s\u00fcreci sa\u011fl\u0131yoruz.   <\/p>\n\n<p>Yeni gelen bir \u00f6\u011frencinin Waaier&#8217;de ge\u00e7irdi\u011fi y\u0131l boyunca, ebeveynleri evlerine yak\u0131n bir okula kay\u0131t yapt\u0131rmalar\u0131 konusunda te\u015fvik ediyoruz. Bu i\u015flem tamamland\u0131\u011f\u0131nda, \u00e7ocu\u011fun geli\u015fim s\u00fcrecine yeni okulu da dahil ediyoruz. Sorular\u0131n\u0131z m\u0131 var? Hi\u00e7 sorun de\u011fil; bizimle ileti\u015fime ge\u00e7in, size yard\u0131mc\u0131 olal\u0131m. S\u0131n\u0131f\u0131na yeni bir \u00f6\u011frenci gelecek olan okullar i\u00e7in bir bilgilendirme bro\u015f\u00fcr\u00fc haz\u0131rlad\u0131k.     <a href=\"https:\/\/cms.waaier-saks.nl\/wp-content\/uploads\/2026\/03\/2026-TweedeJaarsboekje-Waaier.pdf\" type=\"link\" id=\"https:\/\/cms.waaier-saks.nl\/wp-content\/uploads\/2026\/03\/2026-TweedeJaarsboekje-Waaier.pdf\">Okumak i\u00e7in buraya t\u0131kla.<\/a><\/p>\n\n<p><strong>Sonras\u0131 destek<\/strong><br\/>de Waaier, \u00e7ocuklar\u0131m\u0131z\u0131n ge\u00e7ti\u011fi okullardaki \u00f6\u011fretmenler i\u00e7in bir y\u0131ll\u0131k gezici rehberlik i\u00e7eren bir takip s\u00fcreci sa\u011flar. Yeni okuldaki \u00e7ocuklar\u0131n (farkl\u0131 alanlarda) nas\u0131l oldu\u011funu soruyor ve bilgilerimizi payla\u015f\u0131yoruz. <\/p>\n\n<p><strong>E\u011fitim<\/strong><br\/>Yeni gelenler hakk\u0131nda daha fazla bilgi mi istiyorsun? Genel bir sorun mu var? D\u00fczenli olarak okul y\u00f6netimlerine, kurum i\u00e7i koordinat\u00f6rlere, bak\u0131m koordinat\u00f6rlerine veya di\u011fer meslekta\u015flar\u0131m\u0131za sunumlar yap\u0131yoruz. Bizimle ileti\u015fime ge\u00e7mekten \u00e7ekinme, seninle birlikte d\u00fc\u015f\u00fcnmekten mutluluk duyar\u0131z. Bunun i\u00e7in web sitesindeki ileti\u015fim formunu doldur veya \u015fu adrese e-posta g\u00f6nder: de.waaier@saks.nl    <\/p>\n\n<p><\/p>\n","protected":false},"excerpt":{"rendered":"<p>Ge\u00e7ti\u011fimiz y\u0131llarda de Waaier, Alkmaar ve \u00e7evresinde yeni gelenlerin e\u011fitimi konusunda bir uzmanl\u0131k merkezine d\u00f6n\u00fc\u015ft\u00fc. Uzmanl\u0131k merkezimiz arac\u0131l\u0131\u011f\u0131yla bilgilerimizi, yeni gelenlerin e\u011fitimi hakk\u0131nda daha fazla bilgi edinmek isteyen okullarla payla\u015f\u0131yoruz. Farkl\u0131 konularda fikir al\u0131\u015fveri\u015finde bulunmaktan mutluluk duyar\u0131z: Travmaya duyarl\u0131 e\u011fitimde Waaier&#8217;de travmaya duyarl\u0131 e\u011fitim, \u00e7al\u0131\u015fanlar\u0131m\u0131z\u0131n sars\u0131c\u0131 olaylar\u0131n yeni gelenlerin \u00f6\u011frenimi ve davran\u0131\u015f\u0131 \u00fczerindeki etkisini bilin\u00e7li<a class=\"excerpt-read-more\" href=\"https:\/\/cms.waaier-saks.nl\/tr\/uzmanlik-merkezi\/\" title=\"Lees meerUzmanl\u0131k Merkezi\">&#8230; Lees meer &raquo;<\/a><\/p>\n","protected":false},"author":4,"featured_media":1333,"parent":0,"menu_order":0,"comment_status":"closed","ping_status":"closed","template":"","meta":{"_acf_changed":false,"footnotes":""},"class_list":["post-1410","page","type-page","status-publish","has-post-thumbnail","hentry"],"acf":{"positie_blok":"links","veelgestelde_vragen":false,"introtext":"De Waaier Uzmanl\u0131k Merkezi, Hollanda'da 1 y\u0131ldan az s\u00fcredir bulunan \u00e7ocuklara e\u011fitim sunuyor. Uzmanl\u0131\u011f\u0131m\u0131z\u0131, yeni gelenlerin e\u011fitimi hakk\u0131nda daha fazla bilgi edinmek isteyen okullarla payla\u015f\u0131yoruz. ","lees_verder_text":"Devam\u0131n\u0131 oku"},"abc_ordered":false,"yoast_title":null,"yoast_meta":null,"yoast_json_ld":null,"_links":{"self":[{"href":"https:\/\/cms.waaier-saks.nl\/tr\/wp-json\/wp\/v2\/pages\/1410","targetHints":{"allow":["GET"]}}],"collection":[{"href":"https:\/\/cms.waaier-saks.nl\/tr\/wp-json\/wp\/v2\/pages"}],"about":[{"href":"https:\/\/cms.waaier-saks.nl\/tr\/wp-json\/wp\/v2\/types\/page"}],"author":[{"embeddable":true,"href":"https:\/\/cms.waaier-saks.nl\/tr\/wp-json\/wp\/v2\/users\/4"}],"replies":[{"embeddable":true,"href":"https:\/\/cms.waaier-saks.nl\/tr\/wp-json\/wp\/v2\/comments?post=1410"}],"version-history":[{"count":2,"href":"https:\/\/cms.waaier-saks.nl\/tr\/wp-json\/wp\/v2\/pages\/1410\/revisions"}],"predecessor-version":[{"id":1427,"href":"https:\/\/cms.waaier-saks.nl\/tr\/wp-json\/wp\/v2\/pages\/1410\/revisions\/1427"}],"wp:featuredmedia":[{"embeddable":true,"href":"https:\/\/cms.waaier-saks.nl\/tr\/wp-json\/wp\/v2\/media\/1333"}],"wp:attachment":[{"href":"https:\/\/cms.waaier-saks.nl\/tr\/wp-json\/wp\/v2\/media?parent=1410"}],"curies":[{"name":"wp","href":"https:\/\/api.w.org\/{rel}","templated":true}]}}