{"id":1282,"date":"2021-03-05T07:49:02","date_gmt":"2021-03-05T07:49:02","guid":{"rendered":"https:\/\/cms.waaier-saks.nl\/de-waaier-dil-sinifi\/"},"modified":"2026-02-16T14:15:14","modified_gmt":"2026-02-16T14:15:14","slug":"home","status":"publish","type":"page","link":"https:\/\/cms.waaier-saks.nl\/tr\/","title":{"rendered":"De Waaier Dil S\u0131n\u0131f\u0131"},"content":{"rendered":"\n<p><em>Yurt d\u0131\u015f\u0131ndan gelip Hollanda&#8217;ya yeni yerle\u015fen \u00e7ocuklar\u0131n, normal ilk\u00f6\u011fretime ba\u015flayabilmeleri i\u00e7in \u00f6ncelikle dili \u00f6\u011frenmeleri gerekir. Bunun i\u00e7in De Waaier Dil S\u0131n\u0131f\u0131&#8217;na ba\u015fvurabilirler. <\/em><\/p>\n\n<p><strong>30 y\u0131ld\u0131r (A\u011fustos 1993&#8217;te kuruldu)<\/strong> <strong>De Waaier, b\u00f6lgemizdeki yeni gelenler i\u00e7in e\u011fitim veriyor. \u015eu anda De Wegwijzer ve De Robijn ilkokullar\u0131nda \u015fubelerimiz bulunuyor. <\/strong><\/p>\n\n<p>De Waaier, Hollanda&#8217;da 1 y\u0131ldan az s\u00fcredir bulunan 6-12 ya\u015f aras\u0131 \u00e7ocuklar i\u00e7indir. Bir y\u0131l i\u00e7inde bu \u00e7ocuklara temel seviyede Hollandaca konu\u015fmay\u0131, okumay\u0131 ve yazmay\u0131 \u00f6\u011fretiyoruz. Ayr\u0131ca matematik dersleri de veriyoruz. Bu s\u00fcre\u00e7te, gruplar genelinde \u00e7ocu\u011fun bireysel seviyesini g\u00f6z \u00f6n\u00fcnde bulunduruyoruz.   <\/p>\n\n<p>Bu \u00e7ocuklar\u0131n kendilerini g\u00fcvende ve huzurlu hissetmeleri de en az e\u011fitim kadar \u00f6nemlidir. Kendi \u00fclkelerinde genellikle \u00e7ok \u015fey ya\u015fam\u0131\u015f oluyorlar. \u00c7al\u0131\u015fanlar\u0131m\u0131z, hen\u00fcz Hollandaca konu\u015famayan \u00e7ocuklarla ileti\u015fim kurma konusunda deneyimlidir.  <\/p>\n\n<p><strong>Sakin bir al\u0131\u015fma s\u00fcreci<\/strong><\/p>\n\n<p>Dil e\u011fitiminin yan\u0131 s\u0131ra \u00e7ocuklar\u0131 toplumumuzun her t\u00fcrl\u00fc y\u00f6n\u00fcyle tan\u0131\u015ft\u0131r\u0131yoruz. Topluma uyum sa\u011flamalar\u0131na katk\u0131da bulunuyoruz. \u00c7ocuklar haftada 5 g\u00fcn dil s\u0131n\u0131f\u0131na gidiyorlar. Normal bir ilkokula ge\u00e7meden yakla\u015f\u0131k bir ay \u00f6nce, haftada 1 g\u00fcn yeni okullar\u0131na al\u0131\u015fmaya ba\u015fl\u0131yorlar.   <\/p>\n","protected":false},"excerpt":{"rendered":"<p>Yurt d\u0131\u015f\u0131ndan gelip Hollanda&#8217;ya yeni yerle\u015fen \u00e7ocuklar\u0131n, normal ilk\u00f6\u011fretime ba\u015flayabilmeleri i\u00e7in \u00f6ncelikle dili \u00f6\u011frenmeleri gerekir. Bunun i\u00e7in De Waaier Dil S\u0131n\u0131f\u0131&#8217;na ba\u015fvurabilirler. 30 y\u0131ld\u0131r (A\u011fustos 1993&#8217;te kuruldu) De Waaier, b\u00f6lgemizdeki yeni gelenler i\u00e7in e\u011fitim veriyor. \u015eu anda De Wegwijzer ve De Robijn ilkokullar\u0131nda \u015fubelerimiz bulunuyor. De Waaier, Hollanda&#8217;da 1 y\u0131ldan az s\u00fcredir bulunan 6-12 ya\u015f<a class=\"excerpt-read-more\" href=\"https:\/\/cms.waaier-saks.nl\/tr\/\" title=\"Lees meerDe Waaier Dil S\u0131n\u0131f\u0131\">&#8230; Lees meer &raquo;<\/a><\/p>\n","protected":false},"author":1,"featured_media":1213,"parent":0,"menu_order":5,"comment_status":"closed","ping_status":"closed","template":"","meta":{"_acf_changed":false,"footnotes":""},"class_list":["post-1282","page","type-page","status-publish","has-post-thumbnail","hentry"],"acf":{"gallery":false,"positie_blok":"links","veelgestelde_vragen":false,"introtext":"Yurt d\u0131\u015f\u0131ndan gelip Hollanda'ya yeni yerle\u015fen \u00e7ocuklar\u0131n, normal ilk\u00f6\u011fretime ba\u015flayabilmeleri i\u00e7in \u00f6ncelikle dili \u00f6\u011frenmeleri gerekir. Bunun i\u00e7in De Waaier Dil S\u0131n\u0131f\u0131'na ba\u015fvurabilirler. ","lees_verder_text":"Devam\u0131n\u0131 oku"},"abc_ordered":false,"yoast_title":null,"yoast_meta":null,"yoast_json_ld":null,"_links":{"self":[{"href":"https:\/\/cms.waaier-saks.nl\/tr\/wp-json\/wp\/v2\/pages\/1282","targetHints":{"allow":["GET"]}}],"collection":[{"href":"https:\/\/cms.waaier-saks.nl\/tr\/wp-json\/wp\/v2\/pages"}],"about":[{"href":"https:\/\/cms.waaier-saks.nl\/tr\/wp-json\/wp\/v2\/types\/page"}],"author":[{"embeddable":true,"href":"https:\/\/cms.waaier-saks.nl\/tr\/wp-json\/wp\/v2\/users\/1"}],"replies":[{"embeddable":true,"href":"https:\/\/cms.waaier-saks.nl\/tr\/wp-json\/wp\/v2\/comments?post=1282"}],"version-history":[{"count":1,"href":"https:\/\/cms.waaier-saks.nl\/tr\/wp-json\/wp\/v2\/pages\/1282\/revisions"}],"predecessor-version":[{"id":1284,"href":"https:\/\/cms.waaier-saks.nl\/tr\/wp-json\/wp\/v2\/pages\/1282\/revisions\/1284"}],"wp:featuredmedia":[{"embeddable":true,"href":"https:\/\/cms.waaier-saks.nl\/tr\/wp-json\/wp\/v2\/media\/1213"}],"wp:attachment":[{"href":"https:\/\/cms.waaier-saks.nl\/tr\/wp-json\/wp\/v2\/media?parent=1282"}],"curies":[{"name":"wp","href":"https:\/\/api.w.org\/{rel}","templated":true}]}}