{"id":1223,"date":"2021-03-31T10:45:00","date_gmt":"2021-03-31T10:45:00","guid":{"rendered":"https:\/\/cms.waaier-saks.nl\/pratik-bilgiler\/"},"modified":"2026-02-16T14:15:05","modified_gmt":"2026-02-16T14:15:05","slug":"praktisch","status":"publish","type":"page","link":"https:\/\/cms.waaier-saks.nl\/tr\/praktisch\/","title":{"rendered":"Pratik Bilgiler"},"content":{"rendered":"\n<p><strong>De Waaier tam g\u00fcn e\u011fitim sistemiyle \u00e7al\u0131\u015f\u0131r. Bu, \u00e7ocu\u011funun okulda kesintisiz vakit ge\u00e7irece\u011fi ve \u00f6\u011fle yeme\u011fini okulda yiyece\u011fi anlam\u0131na gelir. <\/strong><\/p>\n\n<p><strong>Okul saatleri \u015fu \u015fekildedir:<\/strong><br\/>Pazartesiden cumaya 08.30 &#8211; 14.00<\/p>\n\n<p>2025-2026 e\u011fitim \u00f6\u011fretim y\u0131l\u0131 tatilleri<\/p>\n\n<ul class=\"wp-block-list\">\n<li>Alkmaar&#8217;\u0131n Kurtulu\u015fu: 8 Ekim 2025<\/li>\n\n\n\n<li>Sonbahar tatili: 20 Ekim &#8211; 24 Ekim 2025<\/li>\n\n\n\n<li>Noel tatili: 22 Aral\u0131k 2025 &#8211; 2 Ocak 2026<\/li>\n\n\n\n<li>Bahar tatili: 23 \u015eubat &#8211; 27 \u015eubat 2026<\/li>\n\n\n\n<li>Paskalya: 6 Nisan 2026<\/li>\n\n\n\n<li>May\u0131s tatili: 27 Nisan &#8211; 1 May\u0131s 2026<\/li>\n\n\n\n<li>Kurtulu\u015f G\u00fcn\u00fc: 5 May\u0131s 2026<\/li>\n\n\n\n<li>Mira\u00e7 (Hemelvaart): 14 May\u0131s 2026<\/li>\n\n\n\n<li>May\u0131s haftas\u0131: 25 &#8211; 29 May\u0131s 2026<\/li>\n\n\n\n<li>Yaz tatili: 6 Temmuz &#8211; 14 A\u011fustos 2026<\/li>\n<\/ul>\n\n<p>E\u011fitim g\u00fcnleri:<\/p>\n\n<ul class=\"wp-block-list\">\n<li>23 Eyl\u00fcl 2025<\/li>\n\n\n\n<li>17 Ekim 2025<\/li>\n\n\n\n<li>19 Kas\u0131m 2025<\/li>\n\n\n\n<li>19 Ocak 2026<\/li>\n\n\n\n<li>20 Mart 2026<\/li>\n\n\n\n<li>23 Mart 2026<\/li>\n\n\n\n<li>7 Nisan 2026<\/li>\n\n\n\n<li>5 Haziran 2026<\/li>\n\n\n\n<li>8 Haziran 2026<\/li>\n<\/ul>\n\n<p><strong>\u015eikayet Prosed\u00fcr\u00fc<\/strong><\/p>\n\n<p><strong>Bir \u015fikayetin mi var?<\/strong> <em>Bize bildir<\/em><\/p>\n\n<p>De Wegwijzer&#8217;de herkesin sesinin duyulmas\u0131n\u0131 ve kendini g\u00fcvende hissetmesini \u00f6nemsiyoruz. Bir \u015fikayetin mi var yoksa bir \u015feye mi can\u0131n s\u0131k\u0131ld\u0131? Bize bildir. Seni ciddiye al\u0131yor ve birlikte bir \u00e7\u00f6z\u00fcm ar\u0131yoruz. \u00d6nce ilgili ki\u015fiyle, \u00f6rne\u011fin \u00f6\u011fretmenle konu\u015f. Bu i\u015fe yaramazsa okulun dahili irtibat ki\u015fisiyle ileti\u015fime ge\u00e7; Manon Bakker, e-posta: <a href=\"mailto:m.bakker@saks.nl\">m.bakker@saks.nl<\/a> veya Maaike Koster, e-posta: m.koster@saks.nl. Onlar sana yard\u0131mc\u0131 olacakt\u0131r. Hala bir \u00e7\u00f6z\u00fcm bulamad\u0131n m\u0131? O zaman m\u00fcd\u00fcre veya okul y\u00f6neticisine git.         <\/p>\n\n<p><em>Okulda \u00e7\u00f6zmek m\u00fcmk\u00fcn olmuyor mu?<\/em><\/p>\n\n<p>O zaman SaKS y\u00f6netimine resmi bir \u015fikayette bulunabilirsin. Veya harici bir g\u00fcvenilir ki\u015fiyle ileti\u015fime ge\u00e7ebilirsin. <\/p>\n\n<p>Daha fazla bilgiyi \u015furada bulabilirsin: <a href=\"http:\/\/www.saks.nl\/over-ons\/#klachten\">http:\/\/www.saks.nl\/over-ons\/#klachten<\/a><\/p>\n\n<p><strong>Kat\u0131l\u0131m Konseyi<\/strong><\/p>\n\n<p>Okullar planlar yapar, kararlar al\u0131r ve de\u011fi\u015fiklikler uygular. Okul y\u00f6netimi okul politikas\u0131ndan sorumludur. Ancak bu politika \u00f6\u011fretmenleri ve \u00f6\u011frencileri do\u011frudan veya dolayl\u0131 olarak etkiledi\u011fi i\u00e7in y\u00f6netimin bu konuda kat\u0131l\u0131m konseyi (MR) ile g\u00f6r\u00fc\u015fmesi gerekir.  <br\/><br\/>De Waaier, De Wegwijzer ilkokulunun bir par\u00e7as\u0131d\u0131r. Bu nedenle De Wegwijzer&#8217;in MR&#8217;\u0131, De Waaier&#8217;in okul politikas\u0131 hakk\u0131nda De Wegwijzer&#8217;in MR&#8217;\u0131 ile g\u00f6r\u00fc\u015f\u00fcr. Okul y\u00f6netimi, y\u00f6netim kurulu ad\u0131na MR ile g\u00f6r\u00fc\u015fmeler y\u00fcr\u00fct\u00fcr. MR d\u00f6rt \u00fcyeden olu\u015fur: iki e\u011fitim personeli (personel temsilcileri) ve iki ebeveyn (ebeveyn temsilcileri).    <\/p>\n\n<p>\u00d6\u011fretmen temsilcileri:<br\/>MR Ba\u015fkan\u0131: Tessa Molenaar<br\/>MR Sekreteri: Janneke de Wit<\/p>\n\n<p>Ebeveyn temsilcileri:<br\/>\u00dcye: Zahra Sabri<br\/>\u00dcye: Hafousa Albagouri<\/p>\n\n<p>De Wegwijzer ayn\u0131 zamanda <a href=\"http:\/\/www.saks.nl\">SaKS okullar organizasyonunun<\/a> bir par\u00e7as\u0131d\u0131r. SaKS b\u00fcnyesindeki okullar aras\u0131 konular ortak kat\u0131l\u0131m konseyi (GMR) ile g\u00f6r\u00fc\u015f\u00fcl\u00fcr. <\/p>\n\n<p><strong>Okul rehberimiz<\/strong><\/p>\n\n<p>De Wegwijzer hakk\u0131ndaki di\u011fer t\u00fcm pratik bilgileri <a href=\"https:\/\/cms.waaier-saks.nl\/tr\/okul-rehberi\/\">\u00e7evrimi\u00e7i okul rehberimizde<\/a> okuyabilirsin.<\/p>\n","protected":false},"excerpt":{"rendered":"<p>De Waaier tam g\u00fcn e\u011fitim sistemiyle \u00e7al\u0131\u015f\u0131r. Bu, \u00e7ocu\u011funun okulda kesintisiz vakit ge\u00e7irece\u011fi ve \u00f6\u011fle yeme\u011fini okulda yiyece\u011fi anlam\u0131na gelir. Okul saatleri \u015fu \u015fekildedir:Pazartesiden cumaya 08.30 &#8211; 14.00 2025-2026 e\u011fitim \u00f6\u011fretim y\u0131l\u0131 tatilleri E\u011fitim g\u00fcnleri: \u015eikayet Prosed\u00fcr\u00fc Bir \u015fikayetin mi var? Bize bildir De Wegwijzer&#8217;de herkesin sesinin duyulmas\u0131n\u0131 ve kendini g\u00fcvende hissetmesini \u00f6nemsiyoruz. Bir \u015fikayetin<a class=\"excerpt-read-more\" href=\"https:\/\/cms.waaier-saks.nl\/tr\/praktisch\/\" title=\"Lees meerPratik Bilgiler\">&#8230; Lees meer &raquo;<\/a><\/p>\n","protected":false},"author":1,"featured_media":1224,"parent":0,"menu_order":2,"comment_status":"closed","ping_status":"closed","template":"","meta":{"_acf_changed":false,"footnotes":""},"class_list":["post-1223","page","type-page","status-publish","has-post-thumbnail","hentry"],"acf":{"positie_blok":"links","veelgestelde_vragen":false,"introtext":"De Waaier tam g\u00fcn e\u011fitim sistemiyle \u00e7al\u0131\u015f\u0131r. Bu, \u00e7ocu\u011funun okulda kesintisiz vakit ge\u00e7irece\u011fi ve \u00f6\u011fle yeme\u011fini okulda yiyece\u011fi anlam\u0131na gelir. ","lees_verder_text":"Devam\u0131n\u0131 oku"},"abc_ordered":false,"yoast_title":null,"yoast_meta":null,"yoast_json_ld":null,"_links":{"self":[{"href":"https:\/\/cms.waaier-saks.nl\/tr\/wp-json\/wp\/v2\/pages\/1223","targetHints":{"allow":["GET"]}}],"collection":[{"href":"https:\/\/cms.waaier-saks.nl\/tr\/wp-json\/wp\/v2\/pages"}],"about":[{"href":"https:\/\/cms.waaier-saks.nl\/tr\/wp-json\/wp\/v2\/types\/page"}],"author":[{"embeddable":true,"href":"https:\/\/cms.waaier-saks.nl\/tr\/wp-json\/wp\/v2\/users\/1"}],"replies":[{"embeddable":true,"href":"https:\/\/cms.waaier-saks.nl\/tr\/wp-json\/wp\/v2\/comments?post=1223"}],"version-history":[{"count":1,"href":"https:\/\/cms.waaier-saks.nl\/tr\/wp-json\/wp\/v2\/pages\/1223\/revisions"}],"predecessor-version":[{"id":1225,"href":"https:\/\/cms.waaier-saks.nl\/tr\/wp-json\/wp\/v2\/pages\/1223\/revisions\/1225"}],"wp:featuredmedia":[{"embeddable":true,"href":"https:\/\/cms.waaier-saks.nl\/tr\/wp-json\/wp\/v2\/media\/1224"}],"wp:attachment":[{"href":"https:\/\/cms.waaier-saks.nl\/tr\/wp-json\/wp\/v2\/media?parent=1223"}],"curies":[{"name":"wp","href":"https:\/\/api.w.org\/{rel}","templated":true}]}}